{"id":16838,"date":"2014-08-20T12:09:33","date_gmt":"2014-08-20T12:09:33","guid":{"rendered":"https:\/\/terradellesidhe.com\/la-casa-e-le-camere\/"},"modified":"2021-03-13T03:33:20","modified_gmt":"2021-03-13T03:33:20","slug":"haus-und-zimmer","status":"publish","type":"page","link":"https:\/\/terradellesidhe.com\/de\/haus-und-zimmer\/","title":{"rendered":"Haus und Zimmer"},"content":{"rendered":"<p>[vc_row css_animation=&#8220;&#8220; row_type=&#8220;row&#8220; use_row_as_full_screen_section=&#8220;no&#8220; type=&#8220;full_width&#8220; angled_section=&#8220;no&#8220; text_align=&#8220;left&#8220; background_image_as_pattern=&#8220;without_pattern&#8220; background_image=&#8220;15606&#8243;][vc_column][vc_empty_space height=&#8220;400px&#8220;][\/vc_column][\/vc_row][vc_row css_animation=&#8220;&#8220; row_type=&#8220;row&#8220; use_row_as_full_screen_section=&#8220;no&#8220; type=&#8220;grid&#8220; angled_section=&#8220;no&#8220; text_align=&#8220;left&#8220; background_image_as_pattern=&#8220;without_pattern&#8220; padding_bottom=&#8220;26&#8243;][vc_column][vc_empty_space][\/vc_column][vc_column width=&#8220;1\/3&#8243;][vc_single_image image=&#8220;17169&#8243; img_size=&#8220;full&#8220; alignment=&#8220;center&#8220; qode_css_animation=&#8220;element_from_fade&#8220; transition_delay=&#8220;0.2&#8243;][\/vc_column][vc_column width=&#8220;2\/3&#8243;][vc_column_text css=&#8220;.vc_custom_1600724669910{padding-bottom: 20px !important;}&#8220;]<\/p>\n<h2 style=\"text-align: center;\">Unterk\u00fcnfte<\/h2>\n<p>[\/vc_column_text][vc_column_text]Das Ferienhaus besteht aus einem alten Trockenhaus, das bis vor 30 Jahren aktiv war. Das alte Trocken haus, in dem Sie mit seiner Steinstruktur und seinen Holztrennw\u00e4nden untergebracht werden, f\u00fcgt sich harmonisch in den nat\u00fcrlichen Kontext ein. In einem Haus mit allem Komfort haben Sie keine Zeit mehr. Eine gem\u00fctliche K\u00fcche und ein Badezimmer vervollst\u00e4ndigen die rustikale, einfache und effiziente Haushaltsausstattung, die Sie in vollkommene Leichtigkeit versetzt.<\/p>\n<p>&nbsp;<\/p>\n<p>Terra delle Sidhe bietet die M\u00f6glichkeit, maximal f\u00fcnf Personen in zwei getrennten R\u00e4umen mit K\u00fcchenbenutzungsrecht und mit ma\u00dfgeschneiderten L\u00f6sungen und Kosten unterzubringen.<\/p>\n<p>&nbsp;<\/p>\n<p>Diese Dimension der unbeschreiblichen Nat\u00fcrlichkeit erm\u00f6glicht es Ihnen, die Ger\u00fcche, Ger\u00e4usche, Farben und Aromen der Natur in einer angenehmen Einfachheit zu genie\u00dfen, die es Ihnen erm\u00f6glicht, die authentischsten Gef\u00fchle wiederzugewinnen, die Natur und Kultur denen vermitteln k\u00f6nnen, die sich f\u00fcr eine Verj\u00fcngung entscheiden mit einem wirklich erholsamen Urlaub.[\/vc_column_text][\/vc_column][\/vc_row][vc_row css_animation=&#8220;&#8220; row_type=&#8220;row&#8220; use_row_as_full_screen_section=&#8220;no&#8220; type=&#8220;full_width&#8220; angled_section=&#8220;no&#8220; text_align=&#8220;center&#8220; background_image_as_pattern=&#8220;without_pattern&#8220;][vc_column][vc_column_text css=&#8220;.vc_custom_1613696115925{margin-right: 30px !important;margin-left: 30px !important;padding-top: 30px !important;padding-bottom: 30px !important;background-color: #f3f3f3 !important;}&#8220;]<\/p>\n<h2 style=\"text-align: center;\"><span style=\"font-size: 18pt;\"><strong>Doppelzimmer verf\u00fcgbar ab 40 \u20ac pro Nacht<\/strong><\/span><\/h2>\n<p>&nbsp;<\/p>\n<h2 style=\"text-align: center;\"><span style=\"font-size: 18pt;\"><strong>Das ganze Haus (Kapazit\u00e4t f\u00fcr 4-5 Personen) steht ab 100 \u20ac pro Nacht zur Verf\u00fcgung<\/strong><\/span><\/h2>\n<p>&nbsp;<\/p>\n<h2 style=\"text-align: center;\"><span style=\"font-size: 18pt;\"><strong>Sonderrabatte und ma\u00dfgeschneidert f\u00fcr Aufenthalte von mehr als 7 N\u00e4chten<\/strong><\/span><\/h2>\n<p>[\/vc_column_text][\/vc_column][\/vc_row][vc_row css_animation=&#8220;&#8220; row_type=&#8220;row&#8220; use_row_as_full_screen_section=&#8220;no&#8220; type=&#8220;full_width&#8220; angled_section=&#8220;no&#8220; text_align=&#8220;left&#8220; background_image_as_pattern=&#8220;without_pattern&#8220; z_index=&#8220;&#8220;][vc_column width=&#8220;1\/6&#8243;][\/vc_column][vc_column width=&#8220;2\/3&#8243;][vc_empty_space height=&#8220;40px&#8220;][vc_column_text]<\/p>\n<p style=\"text-align: center;\"><strong>ZIMMER #1<\/strong><\/p>\n<p>[\/vc_column_text][vc_empty_space height=&#8220;40px&#8220;][vc_gallery type=&#8220;image_grid&#8220; images=&#8220;16603,16600,16597,16585,16588,16594&#8243; img_size=&#8220;250&#215;250&#8243; column_number=&#8220;3&#8243; grayscale=&#8220;no&#8220; images_space=&#8220;gallery_with_space&#8220;][vc_empty_space height=&#8220;20px&#8220;][vc_column_text]<\/p>\n<p style=\"text-align: center;\"><strong>ZIMMER #2<\/strong><\/p>\n<p>[\/vc_column_text][vc_empty_space height=&#8220;40px&#8220;][vc_gallery type=&#8220;image_grid&#8220; images=&#8220;16618,16621,16624,16615,16612,16627&#8243; img_size=&#8220;250&#215;250&#8243; column_number=&#8220;3&#8243; grayscale=&#8220;no&#8220; images_space=&#8220;gallery_with_space&#8220;][vc_empty_space height=&#8220;20px&#8220;][vc_column_text]<\/p>\n<p style=\"text-align: center;\"><strong>K\u00dcCHE UND WOHNZIMMER<\/strong><\/p>\n<p>[\/vc_column_text][vc_empty_space height=&#8220;40px&#8220;][vc_gallery type=&#8220;image_grid&#8220; images=&#8220;16833,16830,16827,16652,16655,16658&#8243; img_size=&#8220;250&#215;250&#8243; column_number=&#8220;3&#8243; grayscale=&#8220;no&#8220; images_space=&#8220;gallery_with_space&#8220;][vc_empty_space height=&#8220;20px&#8220;][vc_column_text]<\/p>\n<p style=\"text-align: center;\"><strong>ESSZIMMER UND BIBLIOTHEK<\/strong><\/p>\n<p>[\/vc_column_text][vc_empty_space height=&#8220;40px&#8220;][vc_gallery type=&#8220;image_grid&#8220; images=&#8220;16677,16683,16674,16686,16680,16689&#8243; img_size=&#8220;250&#215;250&#8243; column_number=&#8220;3&#8243; grayscale=&#8220;no&#8220; images_space=&#8220;gallery_with_space&#8220;][vc_empty_space height=&#8220;20px&#8220;][vc_column_text]<\/p>\n<p style=\"text-align: center;\"><strong>BAD UND DUSCHE<\/strong><\/p>\n<p>[\/vc_column_text][vc_empty_space height=&#8220;40px&#8220;][vc_gallery type=&#8220;image_grid&#8220; images=&#8220;16695,16698,16759&#8243; img_size=&#8220;250&#215;250&#8243; column_number=&#8220;3&#8243; grayscale=&#8220;no&#8220; images_space=&#8220;gallery_with_space&#8220;][vc_empty_space height=&#8220;20px&#8220;][vc_column_text]<\/p>\n<p style=\"text-align: center;\"><strong>AUSSENBEREICH<\/strong><\/p>\n<p>[\/vc_column_text][vc_empty_space height=&#8220;40px&#8220;][vc_gallery type=&#8220;image_grid&#8220; images=&#8220;16707,16713,16716,16719,16722,16725,16728,16731,16734,16737,16740,16743,16746,16749,16752,16755&#8243; img_size=&#8220;250&#215;250&#8243; column_number=&#8220;4&#8243; grayscale=&#8220;no&#8220; images_space=&#8220;gallery_with_space&#8220;][vc_empty_space height=&#8220;20px&#8220;][\/vc_column][vc_column width=&#8220;1\/6&#8243;][\/vc_column][\/vc_row][vc_row css_animation=&#8220;&#8220; row_type=&#8220;row&#8220; use_row_as_full_screen_section=&#8220;no&#8220; type=&#8220;full_width&#8220; angled_section=&#8220;no&#8220; text_align=&#8220;left&#8220; background_image_as_pattern=&#8220;without_pattern&#8220;][vc_column][vc_column_text css=&#8220;.vc_custom_1613696309453{padding-top: 15px !important;padding-bottom: 30px !important;}&#8220;]<\/p>\n<p style=\"text-align: center;\"><strong><span style=\"font-size: 16pt; letter-spacing: 2.5px; font-weight: 600; line-height: 22px;\"><a href=\"https:\/\/terradellesidhe.com\/de\/kontakt\/\">Kontaktieren Sie mich<\/a> oder <a href=\"https:\/\/www.airbnb.com\/s?host_id=13436876&amp;s_tag=m1mShSOb\" target=\"_blank\" rel=\"noopener noreferrer\">buchen Sie sofort bei Airbnb<\/a><\/span><\/strong><\/p>\n<p>[\/vc_column_text][vc_empty_space height=&#8220;40px&#8220;][\/vc_column][\/vc_row][vc_row css_animation=&#8220;&#8220; row_type=&#8220;row&#8220; use_row_as_full_screen_section=&#8220;no&#8220; type=&#8220;full_width&#8220; angled_section=&#8220;no&#8220; text_align=&#8220;center&#8220; background_image_as_pattern=&#8220;without_pattern&#8220; background_image=&#8220;15863&#8243; background_color=&#8220;#f1f1f1&#8243; padding_top=&#8220;50&#8243; padding_bottom=&#8220;50&#8243;][vc_column][vc_column_text]<\/p>\n<h2 style=\"text-align: center; text-shadow: 2px 2px 2px #c89240;\"><span style=\"color: #ffffff;\"><a style=\"color: #ffffff;\" href=\"\/?page_id=1452\">Kontaktieren Sie mich hier<\/a><\/span><\/h2>\n<h3 style=\"text-align: center; text-shadow: 2px 2px 2px #c89240;\"><span style=\"color: #ffffff;\"><a style=\"color: #ffffff;\" href=\"tel:+39 333 746 2927\">+39 333 746 2927<\/a><\/span><\/h3>\n<p>[\/vc_column_text][\/vc_column][\/vc_row]<\/p>\n","protected":false},"excerpt":{"rendered":"<p>[vc_row css_animation=&#8220;&#8220; row_type=&#8220;row&#8220; use_row_as_full_screen_section=&#8220;no&#8220; type=&#8220;full_width&#8220; angled_section=&#8220;no&#8220; text_align=&#8220;left&#8220; background_image_as_pattern=&#8220;without_pattern&#8220; background_image=&#8220;15606&#8243;][vc_column][vc_empty_space height=&#8220;400px&#8220;][\/vc_column][\/vc_row][vc_row css_animation=&#8220;&#8220; row_type=&#8220;row&#8220; use_row_as_full_screen_section=&#8220;no&#8220; type=&#8220;grid&#8220; angled_section=&#8220;no&#8220; text_align=&#8220;left&#8220; background_image_as_pattern=&#8220;without_pattern&#8220; padding_bottom=&#8220;26&#8243;][vc_column][vc_empty_space][\/vc_column][vc_column width=&#8220;1\/3&#8243;][vc_single_image image=&#8220;17169&#8243; img_size=&#8220;full&#8220; alignment=&#8220;center&#8220; qode_css_animation=&#8220;element_from_fade&#8220; transition_delay=&#8220;0.2&#8243;][\/vc_column][vc_column width=&#8220;2\/3&#8243;][vc_column_text css=&#8220;.vc_custom_1600724669910{padding-bottom: 20px !important;}&#8220;] Unterk\u00fcnfte [\/vc_column_text][vc_column_text]Das Ferienhaus besteht aus einem alten Trockenhaus, das bis vor 30 Jahren aktiv war. Das alte&#8230;<\/p>\n","protected":false},"author":1,"featured_media":0,"parent":0,"menu_order":0,"comment_status":"open","ping_status":"closed","template":"full_width.php","meta":[],"_links":{"self":[{"href":"https:\/\/terradellesidhe.com\/de\/wp-json\/wp\/v2\/pages\/16838"}],"collection":[{"href":"https:\/\/terradellesidhe.com\/de\/wp-json\/wp\/v2\/pages"}],"about":[{"href":"https:\/\/terradellesidhe.com\/de\/wp-json\/wp\/v2\/types\/page"}],"author":[{"embeddable":true,"href":"https:\/\/terradellesidhe.com\/de\/wp-json\/wp\/v2\/users\/1"}],"replies":[{"embeddable":true,"href":"https:\/\/terradellesidhe.com\/de\/wp-json\/wp\/v2\/comments?post=16838"}],"version-history":[{"count":2,"href":"https:\/\/terradellesidhe.com\/de\/wp-json\/wp\/v2\/pages\/16838\/revisions"}],"predecessor-version":[{"id":17173,"href":"https:\/\/terradellesidhe.com\/de\/wp-json\/wp\/v2\/pages\/16838\/revisions\/17173"}],"wp:attachment":[{"href":"https:\/\/terradellesidhe.com\/de\/wp-json\/wp\/v2\/media?parent=16838"}],"curies":[{"name":"wp","href":"https:\/\/api.w.org\/{rel}","templated":true}]}}